{"id":96,"date":"2018-10-10T09:00:06","date_gmt":"2018-10-10T07:00:06","guid":{"rendered":"http:\/\/192.168.100.2\/wordpress\/?page_id=96"},"modified":"2026-01-26T16:09:14","modified_gmt":"2026-01-26T15:09:14","slug":"accueil","status":"publish","type":"page","link":"\/","title":{"rendered":"Accueil"},"content":{"rendered":"<div class=\"wpb-content-wrapper\">[vc_row fullwidth=\u00a0\u00bbtrue\u00a0\u00bb column_padding=\u00a0\u00bb2&Prime; parallax=\u00a0\u00bbcontent-moving-fade\u00a0\u00bb parallax_image=\u00a0\u00bb118&Prime; parallax_speed_bg=\u00a0\u00bb1.2&Prime; css=\u00a0\u00bb.vc_custom_1540798768653{padding-top: 200px !important;}\u00a0\u00bb el_class=\u00a0\u00bbacc\u00a0\u00bb][vc_column width=\u00a0\u00bb1\/4&Prime; offset=\u00a0\u00bbvc_hidden-xs\u00a0\u00bb][\/vc_column][vc_column width=\u00a0\u00bb1\/2&Prime;][mk_page_title_box page_title=\u00a0\u00bbHumanit\u00e9. Consid\u00e9ration. Ouverture\u00a0\u00bb section_height=\u00a0\u00bb200&Prime; bg_type=\u00a0\u00bbcolor\u00a0\u00bb bg_color=\u00a0\u00bbrgba(10,10,10,0.62)\u00a0\u00bb font_size=\u00a0\u00bb36&Prime; font_color=\u00a0\u00bb#ffffff\u00a0\u00bb underline=\u00a0\u00bbfalse\u00a0\u00bb el_class=\u00a0\u00bbtitle\u00a0\u00bb][\/vc_column][vc_column width=\u00a0\u00bb1\/4&Prime; offset=\u00a0\u00bbvc_hidden-xs\u00a0\u00bb][\/vc_column][\/vc_row][vc_row fullwidth=\u00a0\u00bbtrue\u00a0\u00bb css=\u00a0\u00bb.vc_custom_1612277489187{padding-top: 30px !important;padding-right: 30px !important;padding-bottom: 30px !important;padding-left: 30px !important;background-color: #78ab42 !important;}\u00a0\u00bb][vc_column][vc_column_text align=\u00a0\u00bbcenter\u00a0\u00bb css=\u00a0\u00bb.vc_custom_1612277519349{margin-bottom: 0px !important;}\u00a0\u00bb]\n<h1>Notre actualit\u00e9<\/h1>\n[\/vc_column_text][vc_separator color=\u00a0\u00bbwhite\u00a0\u00bb el_width=\u00a0\u00bb50&Prime;][\/vc_column][\/vc_row][vc_row fullwidth=\u00a0\u00bbtrue\u00a0\u00bb css=\u00a0\u00bb.vc_custom_1555670755781{margin-top: 20px !important;margin-bottom: 18px !important;padding-top: 0px !important;padding-right: 0px !important;padding-bottom: 0px !important;padding-left: 0px !important;}\u00a0\u00bb][vc_column][vc_basic_grid post_type=\u00a0\u00bbpost\u00a0\u00bb max_items=\u00a0\u00bb2&Prime; element_width=\u00a0\u00bb6&Prime; item=\u00a0\u00bb411&Prime; initial_loading_animation=\u00a0\u00bbnone\u00a0\u00bb grid_id=\u00a0\u00bbvc_gid:1769440553617-c0062abe50c4f3a199c601b2bdd7ddb1-6&Prime; css=\u00a0\u00bb.vc_custom_1731918824742{margin-top: 10px !important;margin-right: 30px !important;margin-bottom: 30px !important;margin-left: 30px !important;}\u00a0\u00bb el_class=\u00a0\u00bbaatm-post-grid\u00a0\u00bb][\/vc_column][\/vc_row][vc_row fullwidth=\u00a0\u00bbtrue\u00a0\u00bb css=\u00a0\u00bb.vc_custom_1540392971430{padding-top: 30px !important;padding-right: 30px !important;padding-bottom: 30px !important;padding-left: 30px !important;background-color: #78ab42 !important;}\u00a0\u00bb][vc_column][vc_column_text align=\u00a0\u00bbcenter\u00a0\u00bb css=\u00a0\u00bb.vc_custom_1540369993082{margin-bottom: 0px !important;}\u00a0\u00bb]\n<h1>L&rsquo;A.A.T.M dans la Champagne-Ardenne<\/h1>\n[\/vc_column_text][vc_separator color=\u00a0\u00bbwhite\u00a0\u00bb el_width=\u00a0\u00bb50&Prime;][\/vc_column][\/vc_row][vc_row][vc_column][vc_column_text disable_pattern=\u00a0\u00bbfalse\u00a0\u00bb css=\u00a0\u00bb.vc_custom_1751530110459{margin-right: -15px !important;margin-bottom: 0px !important;margin-left: 14px !important;padding-top: 30px !important;}\u00a0\u00bb]<strong style=\"color: #777777;\">A ce jour l\u2019A.A.T.M assure la gestion de :<\/strong><\/p>\n<p>3 Centres d\u2019Accueil pour Demandeurs d\u2019Asile (CADA) avec 430 places, de 2 centres d&rsquo;H\u00e9bergements d&rsquo;Urgence pour les Demandeurs d&rsquo;Asile (HUDA) de 171 places, d\u2019une r\u00e9sidence sociale de 51 studios, d&rsquo;une Pension de Famille de 27 places, de 16 places de logement ALT (Allocation aux Logements Temporaire), de 48 places d\u2019H\u00e9bergement d\u2019Urgence (HU), d&rsquo;un Centre Provisoire d\u2019H\u00e9bergement (CPH) de 30 places, 3 dispositifs d&rsquo;Accompagnement Global et Individualis\u00e9 des R\u00e9fugi\u00e9s (AGIR) et de 2 p\u00f4les d\u2019action sociale.[\/vc_column_text][\/vc_column][\/vc_row][vc_row equal_columns=\u00a0\u00bbtrue\u00a0\u00bb css=\u00a0\u00bb.vc_custom_1542875962031{margin-top: 60px !important;margin-bottom: 100px !important;margin-left: 0px !important;}\u00a0\u00bb][vc_column width=\u00a0\u00bb1\/2&Prime; offset=\u00a0\u00bbvc_hidden-xs\u00a0\u00bb][mk_content_box heading=\u00a0\u00bbImplantation g\u00e9ograhique\u00a0\u00bb icon=\u00a0\u00bbmk-li-map\u00a0\u00bb el_class=\u00a0\u00bbaatm-contentbox\u00a0\u00bb][vc_accordions container_bg_color=\u00a0\u00bb\u00a0\u00bb el_class=\u00a0\u00bbaatm-accordion\u00a0\u00bb][vc_accordion_tab title=\u00a0\u00bbArdennes\u00a0\u00bb][vc_column_text css=\u00a0\u00bb.vc_custom_1751530333393{margin-bottom: 0px !important;}\u00a0\u00bb]<strong><span style=\"color: #000000;\">Charleville-M\u00e9zi\u00e8res<\/span><\/strong> (C.A.D.A<sup>1<\/sup>, C.P.H<sup>6<\/sup> AGIR<sup>7<\/sup>)<br \/>\n<strong><span style=\"color: #000000;\">Villers-Semeuse<\/span><\/strong> (C.P.H<sup>6<\/sup>)<br \/>\n<strong><span style=\"color: #000000;\">Nouzonville<\/span><\/strong> (C.P.H<sup>6<\/sup>)[\/vc_column_text][\/vc_accordion_tab][vc_accordion_tab title=\u00a0\u00bbAube\u00a0\u00bb][vc_column_text css=\u00a0\u00bb.vc_custom_1751530282385{margin-bottom: 0px !important;}\u00a0\u00bb]<strong><span style=\"color: #000000;\">Bar-Sur-Aube<\/span><\/strong> (H.U<sup>3<\/sup>, H.U.D.A<sup>2<\/sup>, C.A.D.A)<br \/>\n<strong><span style=\"color: #000000;\">La-Chapelle-Saint-Luc<\/span><\/strong> (C.A.D.A<sup>1<\/sup>, R.S<sup>4<\/sup>, H.U<sup>3<\/sup>, P\u00f4le Actions Sociales)<br \/>\n<strong><span style=\"color: #000000;\">Troyes<\/span><\/strong> (PF<sup>5, <\/sup>AGIR<sup>7<\/sup>)<br \/>\n<strong><span style=\"color: #000000;\">Vendeuvre-Sur-Barse<\/span><\/strong> (H.U.D.A<sup>2<\/sup>)[\/vc_column_text][\/vc_accordion_tab][vc_accordion_tab title=\u00a0\u00bbHaute-Marne\u00a0\u00bb][vc_column_text css=\u00a0\u00bb.vc_custom_1751530246875{margin-bottom: 0px !important;}\u00a0\u00bb]<strong><span style=\"color: #000000;\">Chaumont<\/span><\/strong> (H.U.D.A<sup>2,\u00a0<\/sup>AGIR<sup>7<\/sup>)<br \/>\n<strong><span style=\"color: #000000;\">Langres<\/span><\/strong> (C.A.D.A<sup>1<\/sup>, Logement ALT, AGIR<sup>7<\/sup>, Action Sociale)[\/vc_column_text][\/vc_accordion_tab][\/vc_accordions][mk_blockquote style=\u00a0\u00bbline-style\u00a0\u00bb font_family=\u00a0\u00bbnone\u00a0\u00bb]<sup>1<\/sup>\u00a0C.A.D.A : Centre d\u2019Accueil pour Demandeurs d\u2019Asile<\/p>\n<p><sup>2<\/sup>\u00a0H.U.D.A : H\u00e9bergement d&rsquo;Urgence pour Demandeurs d&rsquo;Asile<\/p>\n<p><sup>3<\/sup>\u00a0H.U : H\u00e9bergement d\u2019Urgence<\/p>\n<p><sup>4<\/sup>\u00a0R.S : R\u00e9sidence Sociale<\/p>\n<p><sup>5<\/sup> PF : Pension de Famille<\/p>\n<p><sup>6 <\/sup>C.P.H: Centre Provisoire d&rsquo;H\u00e9bergement<\/p>\n<p><sup>7<\/sup>\u00a0AGIR : Accompagnement Global et Individualis\u00e9 des R\u00e9fugi\u00e9s[\/mk_blockquote][\/mk_content_box][\/vc_column][vc_column width=\u00a0\u00bb1\/2&Prime;][vc_raw_html]JTNDaWZyYW1lJTIwc3JjJTNEJTIyaHR0cHMlM0ElMkYlMkZhcGkuamF3Zy5pbyUyRm1hcHMlMkZlZmM5NThmNC0yNjc1LTQ5NGEtYjEwZi1kMDJkMDJlN2U3M2IlMkY1NjE2ZWNlZS05ZmFmLTQzZTctOTI3Ni0wN2M3ZTNiMWY2ODUuaHRtbCUzRmFjY2Vzcy10b2tlbiUzRFdmWndqajBSdU1SdUU4bmlLNGUxM0Z6a29vUVo2ZG1hOWpYZTdielRlUklyWFE5c1lRZmwwRjMxTjh0WWJhVWElMjM2Ljk1NDIzNjU2NDIwNDQ2MyUyRjQ4Ljg3MTgwNjI2NzEzNTg5NSUyRjUuMjU1MTQwNTgwODY3NDE5JTIyJTIwd2lkdGglM0QlMjI1MDBweCUyMiUyMGhlaWdodCUzRCUyMjMwMHB4JTIyJTNFJTNDJTJGaWZyYW1lJTNF[\/vc_raw_html][\/vc_column][\/vc_row][mk_page_section bg_image=\u00a0\u00bb\/wp-content\/uploads\/2020\/04\/avril-2020.jpg\u00a0\u00bb bg_position=\u00a0\u00bbcenter center\u00a0\u00bb bg_stretch=\u00a0\u00bbtrue\u00a0\u00bb enable_3d=\u00a0\u00bbtrue\u00a0\u00bb bg_gradient=\u00a0\u00bbvertical\u00a0\u00bb top_shadow=\u00a0\u00bbtrue\u00a0\u00bb min_height=\u00a0\u00bb800&Prime; top_shape_style=\u00a0\u00bbfolded-top\u00a0\u00bb bottom_shape_size=\u00a0\u00bbsmall\u00a0\u00bb sidebar=\u00a0\u00bbsidebar-1&Prime;][vc_column][\/vc_column][\/mk_page_section][vc_row fullwidth=\u00a0\u00bbtrue\u00a0\u00bb css=\u00a0\u00bb.vc_custom_1540369241012{padding: 30px !important;background-color: #78ab42 !important;}\u00a0\u00bb][vc_column css=\u00a0\u00bb.vc_custom_1612775426638{margin-top: 0px !important;}\u00a0\u00bb][vc_column_text align=\u00a0\u00bbcenter\u00a0\u00bb css=\u00a0\u00bb.vc_custom_1540370994840{margin-bottom: 0px !important;}\u00a0\u00bb]\n<h1>Nos valeurs<\/h1>\n[\/vc_column_text][vc_separator color=\u00a0\u00bbwhite\u00a0\u00bb el_width=\u00a0\u00bb50&Prime;][\/vc_column][\/vc_row][vc_row css=\u00a0\u00bb.vc_custom_1540376947974{margin-bottom: 100px !important;padding-top: 60px !important;padding-right: 60px !important;padding-bottom: 60px !important;padding-left: 60px !important;}\u00a0\u00bb][vc_column width=\u00a0\u00bb1\/3&Prime;][mk_icon_box_gradient icon_size=\u00a0\u00bb48&Prime; icon=\u00a0\u00bbmk-moon-people\u00a0\u00bb holder_shape=\u00a0\u00bbhexagon2&Prime; container_color=\u00a0\u00bb#78ab42&Prime; container_hover_color=\u00a0\u00bb#458215&Prime; icon_color=\u00a0\u00bb#ffffff\u00a0\u00bb title=\u00a0\u00bbHumanit\u00e9\u00a0\u00bb title_size=\u00a0\u00bb26&Prime; title_bottom_padding=\u00a0\u00bb20&Prime; animation=\u00a0\u00bbfade-in\u00a0\u00bb]L\u2019essence m\u00eame de l\u2019association consiste \u00e0 se montrer solidaire en accompagnant les personnes qui en ont besoin, en faisant preuve de bienveillance, d&rsquo;\u00e9coute et en recherchant l&rsquo;apport de r\u00e9confort et de r\u00e9pit.[\/mk_icon_box_gradient][\/vc_column][vc_column width=\u00a0\u00bb1\/3&Prime;][mk_icon_box_gradient icon_size=\u00a0\u00bb48&Prime; icon=\u00a0\u00bbmk-moon-balance\u00a0\u00bb holder_shape=\u00a0\u00bbhexagon2&Prime; container_color=\u00a0\u00bb#78ab42&Prime; container_hover_color=\u00a0\u00bb#458215&Prime; icon_color=\u00a0\u00bb#ffffff\u00a0\u00bb title=\u00a0\u00bbConsid\u00e9ration\u00a0\u00bb title_size=\u00a0\u00bb26&Prime; title_bottom_padding=\u00a0\u00bb20&Prime; animation=\u00a0\u00bbfade-in\u00a0\u00bb]L\u2019association pr\u00f4ne la d\u00e9fense de l&rsquo;\u00e9galit\u00e9 et le droit entre les personnes quelles que soient leurs origines ou leurs situations.[\/mk_icon_box_gradient][\/vc_column][vc_column width=\u00a0\u00bb1\/3&Prime;][mk_icon_box_gradient icon_size=\u00a0\u00bb48&Prime; icon=\u00a0\u00bbmk-moon-book-2&Prime; holder_shape=\u00a0\u00bbhexagon2&Prime; container_color=\u00a0\u00bb#78ab42&Prime; container_hover_color=\u00a0\u00bb#458215&Prime; icon_color=\u00a0\u00bb#ffffff\u00a0\u00bb title=\u00a0\u00bbOuverture\u00a0\u00bb title_size=\u00a0\u00bb26&Prime; title_bottom_padding=\u00a0\u00bb20&Prime; animation=\u00a0\u00bbfade-in\u00a0\u00bb]L\u2019association promeut l&rsquo;ouverture en tenant compte d&rsquo;abord de la singularit\u00e9 de l&rsquo;autre, dans un rapport \u00e9galitaire.[\/mk_icon_box_gradient][\/vc_column][\/vc_row][vc_row fullwidth=\u00a0\u00bbtrue\u00a0\u00bb parallax=\u00a0\u00bbcontent-moving\u00a0\u00bb parallax_image=\u00a0\u00bb272&Prime; el_class=\u00a0\u00bbvalues\u00a0\u00bb][vc_column][vc_empty_space height=\u00a0\u00bb800px\u00a0\u00bb][\/vc_column][\/vc_row][vc_row fullwidth=\u00a0\u00bbtrue\u00a0\u00bb css=\u00a0\u00bb.vc_custom_1540369241012{padding: 30px !important;background-color: #78ab42 !important;}\u00a0\u00bb][vc_column][vc_column_text align=\u00a0\u00bbcenter\u00a0\u00bb css=\u00a0\u00bb.vc_custom_1540377246676{margin-bottom: 0px !important;}\u00a0\u00bb]\n<h1>Nos moyens<\/h1>\n[\/vc_column_text][vc_separator color=\u00a0\u00bbwhite\u00a0\u00bb el_width=\u00a0\u00bb50&Prime;][\/vc_column][\/vc_row][vc_row css=\u00a0\u00bb.vc_custom_1540376947974{margin-bottom: 100px !important;padding-top: 60px !important;padding-right: 60px !important;padding-bottom: 60px !important;padding-left: 60px !important;}\u00a0\u00bb][vc_column width=\u00a0\u00bb1\/5&Prime;][mk_icon_box_gradient icon_size=\u00a0\u00bb48&Prime; icon=\u00a0\u00bbmk-icon-group\u00a0\u00bb holder_shape=\u00a0\u00bbhexagon2&Prime; container_color=\u00a0\u00bb#78ab42&Prime; container_hover_color=\u00a0\u00bb#458215&Prime; icon_color=\u00a0\u00bb#ffffff\u00a0\u00bb title=\u00a0\u00bbLe personnel\u00a0\u00bb title_size=\u00a0\u00bb26&Prime; title_bottom_padding=\u00a0\u00bb30&Prime; animation=\u00a0\u00bbfade-in\u00a0\u00bb]Des \u00e9quipes pluridisciplinaires comp\u00e9tentes, sensibilis\u00e9es et form\u00e9es aux probl\u00e9matiques li\u00e9es aux publics, qui partagent les objectifs et valeurs port\u00e9s par l&rsquo;association.[\/mk_icon_box_gradient][\/vc_column][vc_column width=\u00a0\u00bb1\/5&Prime;][mk_icon_box_gradient icon_size=\u00a0\u00bb48&Prime; icon=\u00a0\u00bbmk-moon-users\u00a0\u00bb holder_shape=\u00a0\u00bbhexagon2&Prime; container_color=\u00a0\u00bb#78ab42&Prime; container_hover_color=\u00a0\u00bb#78ab42&Prime; icon_color=\u00a0\u00bb#ffffff\u00a0\u00bb title=\u00a0\u00bbLes b\u00e9n\u00e9voles\u00a0\u00bb title_size=\u00a0\u00bb26&Prime; title_bottom_padding=\u00a0\u00bb20&Prime;]Ils s&rsquo;impliquent avec d\u00e9vouement et comp\u00e9tences en compl\u00e9ment des missions men\u00e9es par les salari\u00e9s pour atteindre les m\u00eames objectifs communs.[\/mk_icon_box_gradient][\/vc_column][vc_column width=\u00a0\u00bb1\/5&Prime;][mk_icon_box_gradient icon_size=\u00a0\u00bb48&Prime; icon=\u00a0\u00bbmk-icon-leaf\u00a0\u00bb holder_shape=\u00a0\u00bbhexagon2&Prime; container_color=\u00a0\u00bb#78ab42&Prime; container_hover_color=\u00a0\u00bb#458215&Prime; icon_color=\u00a0\u00bb#ffffff\u00a0\u00bb title=\u00a0\u00bbLa bientraitance\u00a0\u00bb title_size=\u00a0\u00bb26&Prime; title_bottom_padding=\u00a0\u00bb20&Prime; animation=\u00a0\u00bbfade-in\u00a0\u00bb]Quel que soient le dispositif et les moyens allou\u00e9s, l&rsquo;A.A.T.M recherche toujours \u00e0 privil\u00e9gier la personne accompagn\u00e9e, la qualit\u00e9 des prestations, ainsi que l&rsquo;attention accord\u00e9e \u00e0 ses \u00e9quipes ; ce qui contribue \u00e0 la confiance que lui t\u00e9moignent de nombreux acteurs du secteur.[\/mk_icon_box_gradient][\/vc_column][vc_column width=\u00a0\u00bb1\/5&Prime;][mk_icon_box_gradient icon_size=\u00a0\u00bb48&Prime; icon=\u00a0\u00bbmk-icon-comments-o\u00a0\u00bb holder_shape=\u00a0\u00bbhexagon2&Prime; container_color=\u00a0\u00bb#78ab42&Prime; container_hover_color=\u00a0\u00bb#458215&Prime; icon_color=\u00a0\u00bb#ffffff\u00a0\u00bb title=\u00a0\u00bbNos partenaires\u00a0\u00bb title_size=\u00a0\u00bb26&Prime; title_bottom_padding=\u00a0\u00bb20&Prime; animation=\u00a0\u00bbfade-in\u00a0\u00bb]Du fait de sa pr\u00e9sence locale et historique en Champagne-Ardenne et de la diversit\u00e9 compl\u00e9mentaire de ses prestations dans le champ de l&rsquo;inclusion sociale, l&rsquo;A.A.T.M peut s&rsquo;appuyer sur un r\u00e9seau territorial important de partenaires.[\/mk_icon_box_gradient][\/vc_column][vc_column width=\u00a0\u00bb1\/5&Prime;][mk_icon_box_gradient icon_size=\u00a0\u00bb48&Prime; icon=\u00a0\u00bbmk-icon-tachometer\u00a0\u00bb holder_shape=\u00a0\u00bbhexagon2&Prime; container_color=\u00a0\u00bb#78ab42&Prime; container_hover_color=\u00a0\u00bb#458215&Prime; icon_color=\u00a0\u00bb#ffffff\u00a0\u00bb title=\u00a0\u00bbLe professionnalisme\u00a0\u00bb title_size=\u00a0\u00bb26&Prime; title_bottom_padding=\u00a0\u00bb20&Prime; animation=\u00a0\u00bbfade-in\u00a0\u00bb]Depuis presque 60 ans, l&rsquo;association a acquis une expertise et un savoir-faire dans l&rsquo;accompagnement des personnes de toutes origines et cultures.[\/mk_icon_box_gradient][\/vc_column][\/vc_row][vc_row fullwidth=\u00a0\u00bbtrue\u00a0\u00bb css=\u00a0\u00bb.vc_custom_1540369241012{padding: 30px !important;background-color: #78ab42 !important;}\u00a0\u00bb][vc_column][vc_column_text align=\u00a0\u00bbcenter\u00a0\u00bb css=\u00a0\u00bb.vc_custom_1540383427203{margin-bottom: 0px !important;}\u00a0\u00bb]\n<h1>Contact<\/h1>\n[\/vc_column_text][vc_separator color=\u00a0\u00bbwhite\u00a0\u00bb el_width=\u00a0\u00bb50&Prime;][\/vc_column][\/vc_row][vc_row fullwidth=\u00a0\u00bbtrue\u00a0\u00bb equal_columns=\u00a0\u00bbtrue\u00a0\u00bb attached=\u00a0\u00bbtrue\u00a0\u00bb column_padding=\u00a0\u00bb2&Prime; css=\u00a0\u00bb.vc_custom_1540388563679{padding-top: 30px !important;}\u00a0\u00bb][vc_column width=\u00a0\u00bb1\/3&Prime;][mk_custom_box bg_color=\u00a0\u00bb#8ec14a\u00a0\u00bb elevation_effect=\u00a0\u00bbtrue\u00a0\u00bb elevation_effect_distance=\u00a0\u00bb4&Prime; bg_stretch=\u00a0\u00bbfalse\u00a0\u00bb][mk_icon_box_gradient icon_size=\u00a0\u00bb48&Prime; icon=\u00a0\u00bbmk-li-mail\u00a0\u00bb container_color=\u00a0\u00bb#78ab42&Prime; icon_color=\u00a0\u00bb#ffffff\u00a0\u00bb icon_hover_color=\u00a0\u00bb#f2f2f2&Prime; title_size=\u00a0\u00bb30&Prime; title_color=\u00a0\u00bb#ffffff\u00a0\u00bb content_color=\u00a0\u00bb#ffffff\u00a0\u00bb el_class=\u00a0\u00bbcontact-details\u00a0\u00bb]\n<p style=\"text-align: center;\"><a href=\"mailto:siege@aatm.fr\" target=\"_blank\" rel=\"noopener\"><strong><span style=\"color: #ffffff;\">siege@aatm.fr<\/span><\/strong><\/a><\/p>\n[\/mk_icon_box_gradient][\/mk_custom_box][\/vc_column][vc_column width=\u00a0\u00bb1\/3&Prime;][mk_custom_box bg_color=\u00a0\u00bb#8ec14a\u00a0\u00bb elevation_effect=\u00a0\u00bbtrue\u00a0\u00bb elevation_effect_distance=\u00a0\u00bb4&Prime; bg_stretch=\u00a0\u00bbfalse\u00a0\u00bb][mk_icon_box_gradient icon_size=\u00a0\u00bb48&Prime; icon=\u00a0\u00bbmk-li-map\u00a0\u00bb container_color=\u00a0\u00bb#78ab42&Prime; icon_color=\u00a0\u00bb#ffffff\u00a0\u00bb icon_hover_color=\u00a0\u00bb#f2f2f2&Prime; title_size=\u00a0\u00bb30&Prime; title_color=\u00a0\u00bb#ffffff\u00a0\u00bb content_color=\u00a0\u00bb#ffffff\u00a0\u00bb el_class=\u00a0\u00bbcontact-details\u00a0\u00bb]\n<h3 style=\"text-align: center;\">AATM Si\u00e8ge Social<\/h3>\n<h3 style=\"text-align: center;\">2 rue Roger Thi\u00e9blemont<\/h3>\n<h3 style=\"text-align: center;\">10600 La-Chapelle-Saint-Luc<\/h3>\n[\/mk_icon_box_gradient][\/mk_custom_box][\/vc_column][vc_column width=\u00a0\u00bb1\/3&Prime;][mk_custom_box bg_color=\u00a0\u00bb#8ec14a\u00a0\u00bb elevation_effect=\u00a0\u00bbtrue\u00a0\u00bb elevation_effect_distance=\u00a0\u00bb4&Prime; bg_stretch=\u00a0\u00bbfalse\u00a0\u00bb][mk_icon_box_gradient icon_size=\u00a0\u00bb48&Prime; icon=\u00a0\u00bbmk-icon-phone\u00a0\u00bb container_color=\u00a0\u00bb#78ab42&Prime; icon_color=\u00a0\u00bb#ffffff\u00a0\u00bb icon_hover_color=\u00a0\u00bb#f2f2f2&Prime; title_size=\u00a0\u00bb30&Prime; title_color=\u00a0\u00bb#ffffff\u00a0\u00bb content_color=\u00a0\u00bb#ffffff\u00a0\u00bb el_class=\u00a0\u00bbcontact-details\u00a0\u00bb]\n<h3 style=\"text-align: center;\">03 25 80 59 03<\/h3>\n[\/mk_icon_box_gradient][\/mk_custom_box][\/vc_column][\/vc_row][vc_row fullwidth=\u00a0\u00bbtrue\u00a0\u00bb][vc_column][vc_gmaps link=\u00a0\u00bb#E-8_JTNDaWZyYW1lJTIwc3JjJTNEJTIyaHR0cHMlM0ElMkYlMkZ3d3cuZ29vZ2xlLmNvbSUyRm1hcHMlMkZlbWJlZCUzRnBiJTNEJTIxMW0xOCUyMTFtMTIlMjExbTMlMjExZDI2NTMuMzcxMjM3OTczNDA0MyUyMTJkNC4wNDMxNTQ1MTU5ODQxNCUyMTNkNDguMzE0OTQzMDc5MjM4MDUlMjEybTMlMjExZjAlMjEyZjAlMjEzZjAlMjEzbTIlMjExaTEwMjQlMjEyaTc2OCUyMTRmMTMuMSUyMTNtMyUyMTFtMiUyMTFzMHg0N2VlOThmNmFjZjYyZmZmJTI1M0EweGNlMWYzY2RlZGI4YmYzOGYlMjEyc0FhdG0lMjE1ZTAlMjEzbTIlMjExc2ZyJTIxMnNmciUyMTR2MTUzOTc1NzExMDg3MiUyMiUyMHdpZHRoJTNEJTIyNjAwJTIyJTIwaGVpZ2h0JTNEJTIyNDUwJTIyJTIwZnJhbWVib3JkZXIlM0QlMjIwJTIyJTIwc3R5bGUlM0QlMjJib3JkZXIlM0EwJTIyJTIwYWxsb3dmdWxsc2NyZWVuJTNFJTNDJTJGaWZyYW1lJTNF\u00a0\u00bb size=\u00a0\u00bb350px\u00a0\u00bb][\/vc_column][\/vc_row]\n<\/div>","protected":false},"excerpt":{"rendered":"<p>[vc_row fullwidth=\u00a0\u00bbtrue\u00a0\u00bb column_padding=\u00a0\u00bb2&Prime; parallax=\u00a0\u00bbcontent-moving-fade\u00a0\u00bb parallax_image=\u00a0\u00bb118&Prime; parallax_speed_bg=\u00a0\u00bb1.2&Prime; css=\u00a0\u00bb.vc_custom_1540798768653{padding-top: 200px !important;}\u00a0\u00bb el_class=\u00a0\u00bbacc\u00a0\u00bb][vc_column width=\u00a0\u00bb1\/4&Prime; offset=\u00a0\u00bbvc_hidden-xs\u00a0\u00bb][\/vc_column][vc_column width=\u00a0\u00bb1\/2&Prime;][mk_page_title_box page_title=\u00a0\u00bbHumanit\u00e9. Consid\u00e9ration. Ouverture\u00a0\u00bb section_height=\u00a0\u00bb200&Prime; bg_type=\u00a0\u00bbcolor\u00a0\u00bb bg_color=\u00a0\u00bbrgba(10,10,10,0.62)\u00a0\u00bb font_size=\u00a0\u00bb36&Prime; font_color=\u00a0\u00bb#ffffff\u00a0\u00bb underline=\u00a0\u00bbfalse\u00a0\u00bb el_class=\u00a0\u00bbtitle\u00a0\u00bb][\/vc_column][vc_column width=\u00a0\u00bb1\/4&Prime; offset=\u00a0\u00bbvc_hidden-xs\u00a0\u00bb][\/vc_column][\/vc_row][vc_row fullwidth=\u00a0\u00bbtrue\u00a0\u00bb css=\u00a0\u00bb.vc_custom_1612277489187{padding-top: 30px !important;padding-right: 30px !important;padding-bottom: 30px !important;padding-left: 30px !important;background-color: #78ab42 !important;}\u00a0\u00bb][vc_column][vc_column_text align=\u00a0\u00bbcenter\u00a0\u00bb css=\u00a0\u00bb.vc_custom_1612277519349{margin-bottom: 0px !important;}\u00a0\u00bb] Notre actualit\u00e9 [\/vc_column_text][vc_separator color=\u00a0\u00bbwhite\u00a0\u00bb el_width=\u00a0\u00bb50&Prime;][\/vc_column][\/vc_row][vc_row fullwidth=\u00a0\u00bbtrue\u00a0\u00bb css=\u00a0\u00bb.vc_custom_1555670755781{margin-top: 20px !important;margin-bottom: 18px !important;padding-top: 0px !important;padding-right: 0px [&hellip;]<\/p>\n","protected":false},"author":1,"featured_media":0,"parent":0,"menu_order":0,"comment_status":"closed","ping_status":"closed","template":"","meta":{"footnotes":""},"class_list":["post-96","page","type-page","status-publish","hentry"],"jetpack_sharing_enabled":true,"_links":{"self":[{"href":"\/index.php\/wp-json\/wp\/v2\/pages\/96","targetHints":{"allow":["GET"]}}],"collection":[{"href":"\/index.php\/wp-json\/wp\/v2\/pages"}],"about":[{"href":"\/index.php\/wp-json\/wp\/v2\/types\/page"}],"author":[{"embeddable":true,"href":"\/index.php\/wp-json\/wp\/v2\/users\/1"}],"replies":[{"embeddable":true,"href":"\/index.php\/wp-json\/wp\/v2\/comments?post=96"}],"version-history":[{"count":288,"href":"\/index.php\/wp-json\/wp\/v2\/pages\/96\/revisions"}],"predecessor-version":[{"id":4218,"href":"\/index.php\/wp-json\/wp\/v2\/pages\/96\/revisions\/4218"}],"wp:attachment":[{"href":"\/index.php\/wp-json\/wp\/v2\/media?parent=96"}],"curies":[{"name":"wp","href":"https:\/\/api.w.org\/{rel}","templated":true}]}}