{"id":50,"date":"2018-10-10T08:54:37","date_gmt":"2018-10-10T06:54:37","guid":{"rendered":"http:\/\/192.168.100.2\/wordpress\/?page_id=50"},"modified":"2025-07-04T11:42:20","modified_gmt":"2025-07-04T09:42:20","slug":"lhistoire-de-la-a-t-m","status":"publish","type":"page","link":"\/index.php\/lhistoire-de-la-a-t-m\/","title":{"rendered":"L&rsquo;histoire de l&rsquo;A.A.T.M"},"content":{"rendered":"<div class=\"wpb-content-wrapper\">[vc_row fullwidth=\u00a0\u00bbtrue\u00a0\u00bb column_padding=\u00a0\u00bb2&Prime; parallax=\u00a0\u00bbcontent-moving-fade\u00a0\u00bb parallax_image=\u00a0\u00bb482&Prime; parallax_speed_bg=\u00a0\u00bb1&Prime; css=\u00a0\u00bb.vc_custom_1540803556478{padding-top: 200px !important;}\u00a0\u00bb el_class=\u00a0\u00bbaccpb\u00a0\u00bb][vc_column width=\u00a0\u00bb1\/4&Prime; offset=\u00a0\u00bbvc_hidden-xs\u00a0\u00bb][\/vc_column][vc_column width=\u00a0\u00bb1\/2&Prime;][mk_page_title_box page_title=\u00a0\u00bbL&rsquo;histoire de l&rsquo;A.A.T.M\u00a0\u00bb section_height=\u00a0\u00bb200&Prime; bg_type=\u00a0\u00bbcolor\u00a0\u00bb bg_color=\u00a0\u00bbrgba(10,10,10,0.62)\u00a0\u00bb font_size=\u00a0\u00bb36&Prime; font_color=\u00a0\u00bb#ffffff\u00a0\u00bb underline=\u00a0\u00bbfalse\u00a0\u00bb][\/vc_column][vc_column width=\u00a0\u00bb1\/4&Prime; offset=\u00a0\u00bbvc_hidden-xs\u00a0\u00bb][\/vc_column][\/vc_row][vc_row fullwidth=\u00a0\u00bbtrue\u00a0\u00bb equal_columns=\u00a0\u00bbtrue\u00a0\u00bb attached=\u00a0\u00bbtrue\u00a0\u00bb css=\u00a0\u00bb.vc_custom_1540803653740{margin-top: -50px !important;}\u00a0\u00bb][vc_column width=\u00a0\u00bb1\/3&Prime; css=\u00a0\u00bb.vc_custom_1540802746675{background-color: #78ab42 !important;}\u00a0\u00bb el_class=\u00a0\u00bbdateBlock\u00a0\u00bb][vc_column_text el_class=\u00a0\u00bbtextzd\u00a0\u00bb css=\u00a0\u00bb.vc_custom_1540894018731{margin-bottom: 0px !important;}\u00a0\u00bb]\n<h1 style=\"text-align: center; font-size: 400%; font-weight: bold; vertical-align: middle; height: 100% !important; display: table-cell;\"><span style=\"color: #ffffff;\">1967<\/span><\/h1>\n[\/vc_column_text][\/vc_column][vc_column width=\u00a0\u00bb2\/3&Prime; css=\u00a0\u00bb.vc_custom_1540801183287{background-color: #ffffff !important;}\u00a0\u00bb][vc_column_text css=\u00a0\u00bb.vc_custom_1615286953992{margin-bottom: 0px !important;padding-top: 50px !important;padding-right: 50px !important;padding-bottom: 30px !important;padding-left: 50px !important;}\u00a0\u00bb]<span style=\"color: #000000; font-size: 75%;\">L&rsquo;association pour l&rsquo;Accueil des Travailleurs et des Migrants (A.A.T.M) est une association Loi 1901, cr\u00e9e en 1967, \u00e0 l&rsquo;initiative des chefs d&rsquo;entreprise de l&rsquo;Aube, afin d&rsquo;h\u00e9berger des travailleurs venant principalement des pays du Maghreb.<\/span><br \/>\n<span style=\"color: #000000; font-size: 75%;\">A l&rsquo;\u00e9poque, les entreprises auboises avaient un grand besoin de main d&rsquo;\u0153uvre, que ce soit au niveau de la m\u00e9tallurgie, du b\u00e2timent ou de la bonneterie.<\/span><br \/>\n<span style=\"color: #000000; font-size: 75%;\">Cette main d&rsquo;\u0153uvre \u00e9trang\u00e8re \u00e9tait presque exclusivement masculine; se posait alors le probl\u00e8me de son logement. Pour r\u00e9pondre \u00e0 ce besoin, plusieurs foyers furent construits, tout d&rsquo;abord, \u00e0 la Chapelle St Luc, puis \u00e0 Romilly sur Seine et \u00e0 Bar sur Aube.<\/span>[\/vc_column_text][\/vc_column][\/vc_row][vc_row fullwidth=\u00a0\u00bbtrue\u00a0\u00bb equal_columns=\u00a0\u00bbtrue\u00a0\u00bb attached=\u00a0\u00bbtrue\u00a0\u00bb css=\u00a0\u00bb.vc_custom_1540803111200{margin-top: 300px !important;}\u00a0\u00bb][vc_column width=\u00a0\u00bb1\/3&Prime; css=\u00a0\u00bb.vc_custom_1540802746675{background-color: #78ab42 !important;}\u00a0\u00bb el_class=\u00a0\u00bbdateBlock\u00a0\u00bb][vc_column_text el_class=\u00a0\u00bbtextzd\u00a0\u00bb css=\u00a0\u00bb.vc_custom_1540803127295{margin-bottom: 0px !important;}\u00a0\u00bb]\n<p style=\"text-align: center; font-size: 400%; font-weight: bold; vertical-align: middle; height: 100% !important; display: table-cell;\"><span style=\"color: #ffffff;\">1970&rsquo;s<\/span><\/p>\n[\/vc_column_text][\/vc_column][vc_column width=\u00a0\u00bb2\/3&Prime; css=\u00a0\u00bb.vc_custom_1540801183287{background-color: #ffffff !important;}\u00a0\u00bb][vc_column_text css=\u00a0\u00bb.vc_custom_1615286947079{margin-bottom: 0px !important;padding-top: 50px !important;padding-right: 50px !important;padding-bottom: 30px !important;padding-left: 50px !important;}\u00a0\u00bb]<span style=\"color: #000000; font-size: 75%;\">Dans le d\u00e9but des ann\u00e9es 70, du fait du \u00ab\u00a0regroupement familial \u00a0\u00bb et sous l&rsquo;effet d&rsquo;arriv\u00e9e massive de personnes originaires du Sud Est Asiatique (boat people), il a fallu pr\u00e9voir des logements pouvant accueillir des familles c&rsquo;est ainsi que fut r\u00e9habilit\u00e9 un b\u00e2timent du Foyer de Travailleurs Migrants de La Chapelle Saint Luc en Centre Provisoire d&rsquo;H\u00e9bergement (C.P.H), foyer logement de 17 appartements.<br \/>\nEn parall\u00e8le \u00e0 cette action d&rsquo;h\u00e9bergement, l&rsquo;A.A.T.M mis tr\u00e8s t\u00f4t en place des activit\u00e9s d&rsquo;accompagnement ou \u00ab\u00a0p\u00f4le actions sociales\u00a0\u00bb: aide \u00e0 la r\u00e9solution de probl\u00e8mes administratifs, ateliers de socialisation, cours de fran\u00e7ais, soutien scolaire, etc&#8230;<\/span>[\/vc_column_text][\/vc_column][\/vc_row][vc_row fullwidth=\u00a0\u00bbtrue\u00a0\u00bb equal_columns=\u00a0\u00bbtrue\u00a0\u00bb attached=\u00a0\u00bbtrue\u00a0\u00bb css=\u00a0\u00bb.vc_custom_1540803111200{margin-top: 300px !important;}\u00a0\u00bb][vc_column width=\u00a0\u00bb1\/3&Prime; css=\u00a0\u00bb.vc_custom_1540802746675{background-color: #78ab42 !important;}\u00a0\u00bb el_class=\u00a0\u00bbdateBlock\u00a0\u00bb][vc_column_text el_class=\u00a0\u00bbtextzd\u00a0\u00bb css=\u00a0\u00bb.vc_custom_1540803251049{margin-bottom: 0px !important;}\u00a0\u00bb]\n<p style=\"text-align: center; font-size: 400%; font-weight: bold; vertical-align: middle; height: 100% !important; display: table-cell;\"><span style=\"color: #ffffff;\">1980&rsquo;s<\/span><\/p>\n[\/vc_column_text][\/vc_column][vc_column width=\u00a0\u00bb2\/3&Prime; css=\u00a0\u00bb.vc_custom_1540801183287{background-color: #ffffff !important;}\u00a0\u00bb][vc_column_text css=\u00a0\u00bb.vc_custom_1615286939022{margin-bottom: 0px !important;padding-top: 50px !important;padding-right: 50px !important;padding-bottom: 30px !important;padding-left: 50px !important;}\u00a0\u00bb]<span style=\"color: #000000; font-size: 75%;\">La construction de la centrale nucl\u00e9aire de Nogent sur Seine entraina l&rsquo;arriv\u00e9e de nombreux ouvriers dans la fin des ann\u00e9es 1970 d\u00e9but des ann\u00e9es 1980.<br \/>\nEn collaboration avec Mon Logis , I&rsquo;A.A.T.M mis \u00e0 la disposition des ouvriers de petits pavillons construits \u00e0 Nogent et dans les villages environnants.<br \/>\nA la fin du chantier de construction de la centrale les pavillons furent r\u00e9cup\u00e9r\u00e9s par le bailleur et lou\u00e9s \u00e0 des familles.<\/span>[\/vc_column_text][\/vc_column][\/vc_row][vc_row fullwidth=\u00a0\u00bbtrue\u00a0\u00bb equal_columns=\u00a0\u00bbtrue\u00a0\u00bb attached=\u00a0\u00bbtrue\u00a0\u00bb css=\u00a0\u00bb.vc_custom_1540803111200{margin-top: 300px !important;}\u00a0\u00bb][vc_column width=\u00a0\u00bb1\/3&Prime; css=\u00a0\u00bb.vc_custom_1540802746675{background-color: #78ab42 !important;}\u00a0\u00bb el_class=\u00a0\u00bbdateBlock\u00a0\u00bb][vc_column_text el_class=\u00a0\u00bbtextzd\u00a0\u00bb css=\u00a0\u00bb.vc_custom_1540803288593{margin-bottom: 0px !important;}\u00a0\u00bb]\n<p style=\"text-align: center; font-size: 400%; font-weight: bold; vertical-align: middle; height: 100% !important; display: table-cell;\"><span style=\"color: #ffffff;\">1990&rsquo;s<\/span><\/p>\n[\/vc_column_text][\/vc_column][vc_column width=\u00a0\u00bb2\/3&Prime; css=\u00a0\u00bb.vc_custom_1540801183287{background-color: #ffffff !important;}\u00a0\u00bb][vc_column_text css=\u00a0\u00bb.vc_custom_1615286931047{margin-bottom: 0px !important;padding-top: 50px !important;padding-right: 50px !important;padding-bottom: 30px !important;padding-left: 50px !important;}\u00a0\u00bb]<span style=\"color: #000000; font-size: 75%;\">L&rsquo;expertise du travail entrepris aupr\u00e8s de populations \u00e9trang\u00e8res incita \u00ab\u00a0France Terre d&rsquo;Asile\u00a0\u00bb \u00e0 nous contacter pour ouvrir dans le d\u00e9but des ann\u00e9es 1990 des Centres d&rsquo;Accueil pour Demandeurs d&rsquo;Asile (CADA) dans le d\u00e9partement de l&rsquo;Aube.<br \/>\nL&rsquo;ouverture de deux centres fut ainsi d\u00e9cid\u00e9e l&rsquo;un \u00e0 La Chapelle Saint Luc dans les locaux du foyer logement et l&rsquo;autre dans une partie des b\u00e2timents du foyer de Bar sur Aube.<br \/>\nDeux autres CADA ont par la suite ouverts dans l&rsquo;ancienne R\u00e9gion Champagne Ardenne au d\u00e9but des ann\u00e9es 2000 \u00e0 Langres (2002) puis \u00e0 Charleville-M\u00e9zi\u00e8res (2003).<\/span>[\/vc_column_text][\/vc_column][\/vc_row][vc_row fullwidth=\u00a0\u00bbtrue\u00a0\u00bb equal_columns=\u00a0\u00bbtrue\u00a0\u00bb attached=\u00a0\u00bbtrue\u00a0\u00bb css=\u00a0\u00bb.vc_custom_1540803111200{margin-top: 300px !important;}\u00a0\u00bb][vc_column width=\u00a0\u00bb1\/3&Prime; css=\u00a0\u00bb.vc_custom_1540802746675{background-color: #78ab42 !important;}\u00a0\u00bb el_class=\u00a0\u00bbdateBlock\u00a0\u00bb][vc_column_text el_class=\u00a0\u00bbtextzd\u00a0\u00bb css=\u00a0\u00bb.vc_custom_1540803331593{margin-bottom: 0px !important;}\u00a0\u00bb]\n<p style=\"text-align: center; font-size: 400%; font-weight: bold; vertical-align: middle; height: 100% !important; display: table-cell;\"><span style=\"color: #ffffff;\">2013<\/span><\/p>\n[\/vc_column_text][\/vc_column][vc_column width=\u00a0\u00bb2\/3&Prime; css=\u00a0\u00bb.vc_custom_1540801183287{background-color: #ffffff !important;}\u00a0\u00bb][vc_column_text css=\u00a0\u00bb.vc_custom_1615286776999{margin-bottom: 0px !important;padding-top: 50px !important;padding-right: 50px !important;padding-bottom: 30px !important;padding-left: 50px !important;}\u00a0\u00bb]<span style=\"color: #000000; font-size: 75%;\">Le vieillissement de la population du FTM originel de La Chapelle Saint Luc, cumul\u00e9 \u00e0 la v\u00e9tust\u00e9 des b\u00e2timents, a conduit l&rsquo;A.A.T.M \u00e0 men\u00e9 de 2013 \u00e0 2018 un projet de transformation de l&rsquo;\u00e9tablissement en r\u00e9sidence sociale permettant d&rsquo;offrir de meilleures conditions d&rsquo;h\u00e9bergement gr\u00e2ce \u00e0 la cr\u00e9ation de studios individuels.<br \/>\nLe premier des trois b\u00e2timents a \u00e9t\u00e9 livr\u00e9 en janvier 2018.<\/span>[\/vc_column_text][\/vc_column][\/vc_row][vc_row fullwidth=\u00a0\u00bbtrue\u00a0\u00bb equal_columns=\u00a0\u00bbtrue\u00a0\u00bb attached=\u00a0\u00bbtrue\u00a0\u00bb css=\u00a0\u00bb.vc_custom_1540803111200{margin-top: 300px !important;}\u00a0\u00bb][vc_column width=\u00a0\u00bb1\/3&Prime; css=\u00a0\u00bb.vc_custom_1540802746675{background-color: #78ab42 !important;}\u00a0\u00bb el_class=\u00a0\u00bbdateBlock\u00a0\u00bb][vc_column_text el_class=\u00a0\u00bbtextzd\u00a0\u00bb css=\u00a0\u00bb.vc_custom_1540803362517{margin-bottom: 0px !important;}\u00a0\u00bb]\n<p style=\"text-align: center; font-size: 400%; font-weight: bold; vertical-align: middle; height: 100% !important; display: table-cell;\"><span style=\"color: #ffffff;\">2015<\/span><\/p>\n[\/vc_column_text][\/vc_column][vc_column width=\u00a0\u00bb2\/3&Prime; css=\u00a0\u00bb.vc_custom_1540801183287{background-color: #ffffff !important;}\u00a0\u00bb][vc_column_text css=\u00a0\u00bb.vc_custom_1615286805279{margin-bottom: 0px !important;padding-top: 50px !important;padding-right: 50px !important;padding-bottom: 30px !important;padding-left: 50px !important;}\u00a0\u00bb]<span style=\"color: #000000; font-size: 75%;\">Face \u00e0 l&rsquo;afflux de migrants en 2015 et 2016, l&rsquo;A.A.T.M a \u00e9t\u00e9 sollicit\u00e9e compte tenu de son exp\u00e9rience pour l&rsquo;ouverture de Centres d&rsquo;Accueil et d&rsquo;Orientation (CAO), principalement dans le cadre du d\u00e9mant\u00e8lement de la ville de Calais, intervenu en octobre 2016:<br \/>\n&#8211; CAO de La Liez en Haute Marne (Du 24 novembre 2015 au 29 f\u00e9vrier 2016)<br \/>\n&#8211; CAO Aube (Aix-Villemaur-P\u00e2lis le 25 Mai 2016, Vendeuvre sur Barse le 17 Octobre 2016 et Bar sur Aube le 20 Octobre 2016)<br \/>\n&#8211; CAO Langres le 24 Octobre 2016<br \/>\n&#8211; CAO Chaumont le 15 F\u00e9vrier 2018<\/span>[\/vc_column_text][\/vc_column][\/vc_row][vc_row fullwidth=\u00a0\u00bbtrue\u00a0\u00bb equal_columns=\u00a0\u00bbtrue\u00a0\u00bb attached=\u00a0\u00bbtrue\u00a0\u00bb css=\u00a0\u00bb.vc_custom_1540803111200{margin-top: 300px !important;}\u00a0\u00bb][vc_column width=\u00a0\u00bb1\/3&Prime; css=\u00a0\u00bb.vc_custom_1540802746675{background-color: #78ab42 !important;}\u00a0\u00bb el_class=\u00a0\u00bbdateBlock\u00a0\u00bb][vc_column_text el_class=\u00a0\u00bbtextzd\u00a0\u00bb css=\u00a0\u00bb.vc_custom_1540803399529{margin-bottom: 0px !important;}\u00a0\u00bb]\n<p style=\"text-align: center; font-size: 400%; font-weight: bold; vertical-align: middle; height: 100% !important; display: table-cell;\"><span style=\"color: #ffffff;\">2016<\/span><\/p>\n[\/vc_column_text][\/vc_column][vc_column width=\u00a0\u00bb2\/3&Prime; css=\u00a0\u00bb.vc_custom_1540801183287{background-color: #ffffff !important;}\u00a0\u00bb][vc_column_text css=\u00a0\u00bb.vc_custom_1615286897767{margin-bottom: 0px !important;padding-top: 50px !important;padding-right: 50px !important;padding-bottom: 30px !important;padding-left: 50px !important;}\u00a0\u00bb]<span style=\"color: #000000; font-size: 75%;\">Depuis septembre 2016 l&rsquo;Etat, via le Commissariat g\u00e9n\u00e9ral \u00e0 l&rsquo;\u00e9galit\u00e9 des territoires (CGET), et l&rsquo;Action 12:<br \/>\n\u00ab\u00a0Actions d&rsquo;accompagnement des \u00e9trangers en situation r\u00e9guli\u00e8re\u00a0\u00bb du Programme 104 (Int\u00e9gration et acc\u00e8s \u00e0 la nationalit\u00e9 fran\u00e7aise), ainsi que Troyes Champagne M\u00e9tropole par l&rsquo;interm\u00e9diaire de son contrat de ville, ont fait confiance \u00e0 l&rsquo;A.A.T.M pour mener une nouvelle action d&rsquo;apprentissage de la langue intitul\u00e9e \u00ab cours de savoirs de base en fran\u00e7ais \u00e0 vis\u00e9e d&rsquo;insertion sociale\u00a0\u00bb .<br \/>\nCette action vise \u00e0 dispenser environ 250 heures d&rsquo;enseignement du fran\u00e7ais \u00e0 un groupe compos\u00e9 d&rsquo;une dizaine d&rsquo;apprenants puis de les pr\u00e9senter \u00e0 l&rsquo;examen du Dipl\u00f4me d&rsquo;Etat en Langue Fran\u00e7aise (DELF).<\/span>[\/vc_column_text][\/vc_column][\/vc_row][vc_row fullwidth=\u00a0\u00bbtrue\u00a0\u00bb equal_columns=\u00a0\u00bbtrue\u00a0\u00bb attached=\u00a0\u00bbtrue\u00a0\u00bb css=\u00a0\u00bb.vc_custom_1540803111200{margin-top: 300px !important;}\u00a0\u00bb][vc_column width=\u00a0\u00bb1\/3&Prime; css=\u00a0\u00bb.vc_custom_1540802746675{background-color: #78ab42 !important;}\u00a0\u00bb el_class=\u00a0\u00bbdateBlock\u00a0\u00bb][vc_column_text el_class=\u00a0\u00bbtextzd\u00a0\u00bb css=\u00a0\u00bb.vc_custom_1589445609734{margin-bottom: 0px !important;}\u00a0\u00bb]\n<p style=\"text-align: center; font-size: 400%; font-weight: bold; vertical-align: middle; height: 100% !important; display: table-cell;\"><span style=\"color: #ffffff;\">2018<\/span><\/p>\n[\/vc_column_text][\/vc_column][vc_column width=\u00a0\u00bb2\/3&Prime; css=\u00a0\u00bb.vc_custom_1540801183287{background-color: #ffffff !important;}\u00a0\u00bb][vc_column_text css=\u00a0\u00bb.vc_custom_1615286831943{margin-bottom: 0px !important;padding-top: 50px !important;padding-right: 50px !important;padding-bottom: 30px !important;padding-left: 50px !important;}\u00a0\u00bb]<span style=\"color: #000000; font-size: 75%;\">Enfin l&rsquo;accompagnement de b\u00e9n\u00e9ficiaires d&rsquo;une protection internationale a \u00e9t\u00e9 confi\u00e9 \u00e0 l&rsquo;A.A.T.M en milieu d&rsquo;ann\u00e9e 2018 avec l&rsquo;ouverture de deux services Accompagnement Dans le Logement et vers &lsquo;Emploi des R\u00e9fugi\u00e9s (ADLER) dans les d\u00e9partements de l Aube et en Haute Marne.<\/span>[\/vc_column_text][\/vc_column][\/vc_row][vc_row fullwidth=\u00a0\u00bbtrue\u00a0\u00bb equal_columns=\u00a0\u00bbtrue\u00a0\u00bb attached=\u00a0\u00bbtrue\u00a0\u00bb css=\u00a0\u00bb.vc_custom_1540803111200{margin-top: 300px !important;}\u00a0\u00bb][vc_column width=\u00a0\u00bb1\/3&Prime; css=\u00a0\u00bb.vc_custom_1540802746675{background-color: #78ab42 !important;}\u00a0\u00bb el_class=\u00a0\u00bbdateBlock\u00a0\u00bb][vc_column_text el_class=\u00a0\u00bbtextzd\u00a0\u00bb css=\u00a0\u00bb.vc_custom_1589445873465{margin-bottom: 0px !important;}\u00a0\u00bb]\n<p style=\"text-align: center; font-size: 400%; font-weight: bold; vertical-align: middle; height: 100% !important; display: table-cell;\"><span style=\"color: #ffffff;\">2019<\/span><\/p>\n[\/vc_column_text][\/vc_column][vc_column width=\u00a0\u00bb2\/3&Prime; css=\u00a0\u00bb.vc_custom_1540801183287{background-color: #ffffff !important;}\u00a0\u00bb][vc_column_text css=\u00a0\u00bb.vc_custom_1615286848142{margin-bottom: 0px !important;padding-top: 50px !important;padding-right: 50px !important;padding-bottom: 30px !important;padding-left: 50px !important;}\u00a0\u00bb]<span style=\"color: #000000; font-size: 75%;\">L&rsquo;A.A.T.M \u00e0 ouvert un Centre Provisoire d&rsquo;H\u00e9bergement en octobre 2019 dans les Ardennes, avec des logements sur les communes de Charleville M\u00e9zi\u00e8res, Nouzonville et Villers-Semeuse.\u00a0<\/span>[\/vc_column_text][\/vc_column][\/vc_row][vc_row fullwidth=\u00a0\u00bbtrue\u00a0\u00bb equal_columns=\u00a0\u00bbtrue\u00a0\u00bb attached=\u00a0\u00bbtrue\u00a0\u00bb css=\u00a0\u00bb.vc_custom_1540803111200{margin-top: 300px !important;}\u00a0\u00bb][vc_column width=\u00a0\u00bb1\/3&Prime; css=\u00a0\u00bb.vc_custom_1540802746675{background-color: #78ab42 !important;}\u00a0\u00bb el_class=\u00a0\u00bbdateBlock\u00a0\u00bb][vc_column_text el_class=\u00a0\u00bbtextzd\u00a0\u00bb css=\u00a0\u00bb.vc_custom_1606376724752{margin-bottom: 0px !important;}\u00a0\u00bb]\n<p style=\"text-align: center; font-size: 400%; font-weight: bold; vertical-align: middle; height: 100% !important; display: table-cell;\"><span style=\"color: #ffffff;\">2020<\/span><\/p>\n[\/vc_column_text][\/vc_column][vc_column width=\u00a0\u00bb2\/3&Prime; css=\u00a0\u00bb.vc_custom_1540801183287{background-color: #ffffff !important;}\u00a0\u00bb][vc_column_text css=\u00a0\u00bb.vc_custom_1615286882062{margin-bottom: 0px !important;padding-top: 50px !important;padding-right: 50px !important;padding-bottom: 30px !important;padding-left: 50px !important;}\u00a0\u00bb]<span style=\"color: #000000; font-size: 75%;\">Transfert de l&rsquo;HUDA AUBE Antenne d&rsquo;Aix en Othe en novembre 2020. Les r\u00e9sidents ont \u00e9t\u00e9 relog\u00e9s sur les 2 autres antennes de l&rsquo;HUDA AUBE, une partie sur l&rsquo;antenne de Vendeuvre et la deuxi\u00e8me sur l&rsquo;antenne de Bar sur Aube avec une augmentation de la capacit\u00e9 d&rsquo;accueil dans chacune d&rsquo;entre elle.\u00a0<\/span>[\/vc_column_text][\/vc_column][\/vc_row][vc_row fullwidth=\u00a0\u00bbtrue\u00a0\u00bb equal_columns=\u00a0\u00bbtrue\u00a0\u00bb attached=\u00a0\u00bbtrue\u00a0\u00bb css=\u00a0\u00bb.vc_custom_1540803111200{margin-top: 300px !important;}\u00a0\u00bb][vc_column width=\u00a0\u00bb1\/3&Prime; css=\u00a0\u00bb.vc_custom_1540802746675{background-color: #78ab42 !important;}\u00a0\u00bb el_class=\u00a0\u00bbdateBlock\u00a0\u00bb][vc_column_text el_class=\u00a0\u00bbtextzd\u00a0\u00bb css=\u00a0\u00bb.vc_custom_1676472560780{margin-bottom: 0px !important;}\u00a0\u00bb]\n<p style=\"text-align: center; font-size: 400%; font-weight: bold; vertical-align: middle; height: 100% !important; display: table-cell;\"><span style=\"color: #ffffff;\">2022<\/span><\/p>\n[\/vc_column_text][\/vc_column][vc_column width=\u00a0\u00bb2\/3&Prime; css=\u00a0\u00bb.vc_custom_1540801183287{background-color: #ffffff !important;}\u00a0\u00bb][vc_column_text css=\u00a0\u00bb.vc_custom_1751622342861{margin-bottom: 0px !important;padding-top: 50px !important;padding-right: 50px !important;padding-bottom: 30px !important;padding-left: 50px !important;}\u00a0\u00bb]<span style=\"color: #000000; font-size: 75%;\">L&rsquo;AATM \u00e0 ouvert une pension de famille le 1er octobre 2022 dans l&rsquo;Aube. Elle est situ\u00e9e dans le quartier des Chartreux, \u00e0 Troyes, \u00e0 proximit\u00e9 des commerces et des services publics. <\/span><\/p>\n<p><span style=\"color: #000000; font-size: 75%;\">En novembre 2022, le dispositif AGIR (Accompagnement Global et Individualis\u00e9 des R\u00e9fugi\u00e9s) Aube voit le jour \u00e0 Troyes. Il est g\u00e9r\u00e9 par l&rsquo;AATM en cotraitance avec la Croix Rouge et en partenariat avec le PACT Soliha de l&rsquo;Aube, qui mutualisent les moyens mat\u00e9riels et humains\u00a0<\/span>[\/vc_column_text][\/vc_column][\/vc_row][vc_row fullwidth=\u00a0\u00bbtrue\u00a0\u00bb equal_columns=\u00a0\u00bbtrue\u00a0\u00bb attached=\u00a0\u00bbtrue\u00a0\u00bb css=\u00a0\u00bb.vc_custom_1540803111200{margin-top: 300px !important;}\u00a0\u00bb][vc_column width=\u00a0\u00bb1\/3&Prime; css=\u00a0\u00bb.vc_custom_1540802746675{background-color: #78ab42 !important;}\u00a0\u00bb el_class=\u00a0\u00bbdateBlock\u00a0\u00bb][vc_column_text el_class=\u00a0\u00bbtextzd\u00a0\u00bb css=\u00a0\u00bb.vc_custom_1751622027853{margin-bottom: 0px !important;}\u00a0\u00bb]\n<p style=\"text-align: center; font-size: 400%; font-weight: bold; vertical-align: middle; height: 100% !important; display: table-cell;\"><span style=\"color: #ffffff;\">2024<\/span><\/p>\n[\/vc_column_text][\/vc_column][vc_column width=\u00a0\u00bb2\/3&Prime; css=\u00a0\u00bb.vc_custom_1540801183287{background-color: #ffffff !important;}\u00a0\u00bb][vc_column_text css=\u00a0\u00bb.vc_custom_1751622442533{margin-bottom: 0px !important;padding-top: 50px !important;padding-right: 50px !important;padding-bottom: 30px !important;padding-left: 50px !important;}\u00a0\u00bb]<span style=\"color: #000000; font-size: 75%;\">Forte de son exp\u00e9rience dans l&rsquo;Aube, l&rsquo;AATM a ouvert en octobre 2024 le dispositif AGIR (Accompagnement Global et Individualis\u00e9 des R\u00e9fugi\u00e9s) dans les Ardennes. <\/span><\/p>\n<p><span style=\"color: #000000; font-size: 75%;\">C&rsquo;est en novembre 2024 que le dispositif AGIR Haute-Marne voit le jour avec des locaux install\u00e9s \u00e0 Chaumont.\u00a0<\/span>[\/vc_column_text][\/vc_column][\/vc_row]\n<\/div>","protected":false},"excerpt":{"rendered":"<p>[vc_row fullwidth=\u00a0\u00bbtrue\u00a0\u00bb column_padding=\u00a0\u00bb2&Prime; parallax=\u00a0\u00bbcontent-moving-fade\u00a0\u00bb parallax_image=\u00a0\u00bb482&Prime; parallax_speed_bg=\u00a0\u00bb1&Prime; css=\u00a0\u00bb.vc_custom_1540803556478{padding-top: 200px !important;}\u00a0\u00bb el_class=\u00a0\u00bbaccpb\u00a0\u00bb][vc_column width=\u00a0\u00bb1\/4&Prime; offset=\u00a0\u00bbvc_hidden-xs\u00a0\u00bb][\/vc_column][vc_column width=\u00a0\u00bb1\/2&Prime;][mk_page_title_box page_title=\u00a0\u00bbL&rsquo;histoire de l&rsquo;A.A.T.M\u00a0\u00bb section_height=\u00a0\u00bb200&Prime; bg_type=\u00a0\u00bbcolor\u00a0\u00bb bg_color=\u00a0\u00bbrgba(10,10,10,0.62)\u00a0\u00bb font_size=\u00a0\u00bb36&Prime; font_color=\u00a0\u00bb#ffffff\u00a0\u00bb underline=\u00a0\u00bbfalse\u00a0\u00bb][\/vc_column][vc_column width=\u00a0\u00bb1\/4&Prime; offset=\u00a0\u00bbvc_hidden-xs\u00a0\u00bb][\/vc_column][\/vc_row][vc_row fullwidth=\u00a0\u00bbtrue\u00a0\u00bb equal_columns=\u00a0\u00bbtrue\u00a0\u00bb attached=\u00a0\u00bbtrue\u00a0\u00bb css=\u00a0\u00bb.vc_custom_1540803653740{margin-top: -50px !important;}\u00a0\u00bb][vc_column width=\u00a0\u00bb1\/3&Prime; css=\u00a0\u00bb.vc_custom_1540802746675{background-color: #78ab42 !important;}\u00a0\u00bb el_class=\u00a0\u00bbdateBlock\u00a0\u00bb][vc_column_text el_class=\u00a0\u00bbtextzd\u00a0\u00bb css=\u00a0\u00bb.vc_custom_1540894018731{margin-bottom: 0px !important;}\u00a0\u00bb] 1967 [\/vc_column_text][\/vc_column][vc_column width=\u00a0\u00bb2\/3&Prime; css=\u00a0\u00bb.vc_custom_1540801183287{background-color: #ffffff !important;}\u00a0\u00bb][vc_column_text css=\u00a0\u00bb.vc_custom_1615286953992{margin-bottom: 0px !important;padding-top: 50px !important;padding-right: 50px !important;padding-bottom: 30px !important;padding-left: 50px [&hellip;]<\/p>\n","protected":false},"author":1,"featured_media":0,"parent":0,"menu_order":0,"comment_status":"closed","ping_status":"closed","template":"","meta":{"footnotes":""},"class_list":["post-50","page","type-page","status-publish","hentry"],"jetpack_sharing_enabled":true,"_links":{"self":[{"href":"\/index.php\/wp-json\/wp\/v2\/pages\/50","targetHints":{"allow":["GET"]}}],"collection":[{"href":"\/index.php\/wp-json\/wp\/v2\/pages"}],"about":[{"href":"\/index.php\/wp-json\/wp\/v2\/types\/page"}],"author":[{"embeddable":true,"href":"\/index.php\/wp-json\/wp\/v2\/users\/1"}],"replies":[{"embeddable":true,"href":"\/index.php\/wp-json\/wp\/v2\/comments?post=50"}],"version-history":[{"count":92,"href":"\/index.php\/wp-json\/wp\/v2\/pages\/50\/revisions"}],"predecessor-version":[{"id":4122,"href":"\/index.php\/wp-json\/wp\/v2\/pages\/50\/revisions\/4122"}],"wp:attachment":[{"href":"\/index.php\/wp-json\/wp\/v2\/media?parent=50"}],"curies":[{"name":"wp","href":"https:\/\/api.w.org\/{rel}","templated":true}]}}